{"id":12024,"date":"2023-02-10T10:52:35","date_gmt":"2023-02-10T09:52:35","guid":{"rendered":"https:\/\/www.enduropale-passion.com\/touquet\/?page_id=12024"},"modified":"2023-02-10T13:40:27","modified_gmt":"2023-02-10T12:40:27","slug":"poireau-dor-2023-raphael-planckeel","status":"publish","type":"page","link":"https:\/\/www.enduropale-passion.com\/touquet\/poireau-dor-2023-raphael-planckeel\/","title":{"rendered":"Poireau d&rsquo;or 2023 : Raphael Planckeel"},"content":{"rendered":"<h1><img loading=\"lazy\" decoding=\"async\" class=\"aligncenter wp-image-12061 size-full\" src=\"https:\/\/www.enduropale-passion.com\/touquet\/wp-content\/uploads\/2023\/02\/Lequipe-de-leucemie-Espoir-raphael-planckeel.jpg\" alt=\"\" width=\"871\" height=\"360\" srcset=\"https:\/\/www.enduropale-passion.com\/touquet\/wp-content\/uploads\/2023\/02\/Lequipe-de-leucemie-Espoir-raphael-planckeel.jpg 871w, https:\/\/www.enduropale-passion.com\/touquet\/wp-content\/uploads\/2023\/02\/Lequipe-de-leucemie-Espoir-raphael-planckeel-300x124.jpg 300w, https:\/\/www.enduropale-passion.com\/touquet\/wp-content\/uploads\/2023\/02\/Lequipe-de-leucemie-Espoir-raphael-planckeel-768x317.jpg 768w\" sizes=\"auto, (max-width: 871px) 100vw, 871px\" \/><\/h1>\n<h1>Raphael Planckeel \/ Leuc\u00e9mie Espoir<\/h1>\n<div>Comme le dit ce fameux adage : \u00ab\u00a0Poireau un jour, poireau toujours\u00a0\u00bb.\u00a0Voici que notre ami Rapha\u00ebl Planckeel est \u00e9lu pour la seconde fois au rang honorifique de \u00ab\u00a0poireau d&rsquo;or\u00a0\u00bb pour cette 47eme \u00e9dition.<\/div>\n<h2>Pourquoi lui, il est m\u00eame pas beau ?<\/h2>\n<div><img loading=\"lazy\" decoding=\"async\" class=\"alignleft wp-image-12040 size-medium\" title=\"Planckeel Raphael\" src=\"https:\/\/www.enduropale-passion.com\/touquet\/wp-content\/uploads\/2023\/02\/raphael-planckeel-300x287.jpg\" alt=\"\" width=\"300\" height=\"287\" srcset=\"https:\/\/www.enduropale-passion.com\/touquet\/wp-content\/uploads\/2023\/02\/raphael-planckeel-300x287.jpg 300w, https:\/\/www.enduropale-passion.com\/touquet\/wp-content\/uploads\/2023\/02\/raphael-planckeel-1069x1024.jpg 1069w, https:\/\/www.enduropale-passion.com\/touquet\/wp-content\/uploads\/2023\/02\/raphael-planckeel-768x736.jpg 768w, https:\/\/www.enduropale-passion.com\/touquet\/wp-content\/uploads\/2023\/02\/raphael-planckeel.jpg 1365w\" sizes=\"auto, (max-width: 300px) 100vw, 300px\" \/>Son style, son panache, son implication \u00e0 casser des motos et \u00e0&#8230; faire le clown au grand c\u0153ur.<\/div>\n<div>Nous aimons particuli\u00e8rement les poireaux qui ne se prennent pas la t\u00eate (c&rsquo;est \u00e0 dire \u00e0 peu pr\u00e8s tous), mais notre engouement se porte volontiers sur ceux qui profitent de leur notori\u00e9t\u00e9 pour d\u00e9fendre une bonne cause.<\/div>\n<div>Ici Rapha\u00ebl \u00e9tait l&rsquo;un des repr\u00e9sentants de l&rsquo;asso <a href=\"https:\/\/www.facebook.com\/profile.php?id=100064392624335\" target=\"_blank\" rel=\"noopener\">Leuc\u00e9mie Espoirs<\/a> \/ organisation \u00e0 but non lucratif qui a pour but de soutenir les enfants atteints de maladies du sang.<\/div>\n<h3>Mais Rapha\u00ebl Planckeel est avant tout un pilote \u00ab\u00a0nez\u00a0\u00bb, voici son Touquet 2023 racont\u00e9 en d\u00e9tails :<\/h3>\n<p><img loading=\"lazy\" decoding=\"async\" class=\"alignleft wp-image-12036 size-medium\" title=\"clown au touquet\" src=\"https:\/\/www.enduropale-passion.com\/touquet\/wp-content\/uploads\/2023\/02\/Raphael-Planckeel-2023-6-225x300.jpg\" alt=\"\" width=\"225\" height=\"300\" srcset=\"https:\/\/www.enduropale-passion.com\/touquet\/wp-content\/uploads\/2023\/02\/Raphael-Planckeel-2023-6-225x300.jpg 225w, https:\/\/www.enduropale-passion.com\/touquet\/wp-content\/uploads\/2023\/02\/Raphael-Planckeel-2023-6-768x1024.jpg 768w, https:\/\/www.enduropale-passion.com\/touquet\/wp-content\/uploads\/2023\/02\/Raphael-Planckeel-2023-6-1152x1536.jpg 1152w, https:\/\/www.enduropale-passion.com\/touquet\/wp-content\/uploads\/2023\/02\/Raphael-Planckeel-2023-6.jpg 1536w\" sizes=\"auto, (max-width: 225px) 100vw, 225px\" \/>\u00ab\u00a0Suite \u00e0 une blessure en fin d&rsquo;ann\u00e9e derni\u00e8re et \u00e0 un manque de roulage ces 40 derni\u00e8res ann\u00e9es, j&rsquo;ai pris le pari de m&rsquo;immiscer d\u00e8s le d\u00e9part dans la premi\u00e8re vague en passant le talus central. La premi\u00e8re moiti\u00e9 de course s&rsquo;est parfaitement d\u00e9roul\u00e9e. Le terrain \u00e9tait propice, mais d\u00e8s le premier virage ce fut l&rsquo;h\u00e9catombe : Ce n&rsquo;\u00e9tait plus la moto qui roulait, mais le pilote qui \u00ab\u00a0roul\u00e9-boul\u00e9\u00a0\u00bb \u00e0 tout va. Connaissant les conditions de sable suite \u00e0 la course vintage de la veille, j&rsquo;ai mis en place un stratag\u00e8me diabolique pour compenser mes exc\u00e8s de poids accumul\u00e9s ces 46 derni\u00e8res ann\u00e9es. La ruse \u00e9tait la suivante : positionner des ballons gonfl\u00e9s \u00e0 l&rsquo;h\u00e9lium ! (Attention : proc\u00e9d\u00e9 agr\u00e9\u00e9 par la FFM).<br \/>\n<strong>Malheureusement le dispositif n&rsquo;a pas tenu, ruinant toutes mes chances de holeshot&#8230;<\/strong><\/p>\n<div>Allant de d\u00e9convenues en d\u00e9convenues, apr\u00e8s plusieurs \u00ab\u00a0slow motion\u00a0\u00bb pour permettre \u00e0 mes diff\u00e9rents points de fans zone (aguerris \u00e0 la capture num\u00e9rique de mes techniques carnavalesques) ma machine s&rsquo;est mise \u00e0 surchauffer, ne me permettant de boucler seulement que deux tours&#8230; Score qui figure bien au-dessus de mes attentes pour cette ann\u00e9e !<\/div>\n<h3>Pourquoi leuc\u00e9mie espoirs et le clown ?<\/h3>\n<div><img loading=\"lazy\" decoding=\"async\" class=\"alignleft wp-image-12043 size-medium\" src=\"https:\/\/www.enduropale-passion.com\/touquet\/wp-content\/uploads\/2023\/02\/Raphael-Planckeel-2023-4-1-232x300.jpg\" alt=\"\" width=\"232\" height=\"300\" srcset=\"https:\/\/www.enduropale-passion.com\/touquet\/wp-content\/uploads\/2023\/02\/Raphael-Planckeel-2023-4-1-232x300.jpg 232w, https:\/\/www.enduropale-passion.com\/touquet\/wp-content\/uploads\/2023\/02\/Raphael-Planckeel-2023-4-1.jpg 757w\" sizes=\"auto, (max-width: 232px) 100vw, 232px\" \/>Tout simplement car dans mon proche entourage cette maladie nous \u00e0 touch\u00e9e. Suite aux retours positifs provoqu\u00e9s \u00e0 ma derni\u00e8re participation en 2017 et mon \u00e9lection <a href=\"https:\/\/www.enduropale-passion.com\/touquet\/poireau-dor-2017-raphael-planckeel\/\">\u00ab\u00a0poireau d&rsquo;or\u00a0\u00bb (d\u00e9guis\u00e9 en Pikachu)<\/a>, j&rsquo;ai voulu briguer \u00e0 nouveau ce troph\u00e9e en choisissant le d\u00e9guisement de clown.<\/div>\n<div>Le clown repr\u00e9sente celui qui redonne les sourires dans les h\u00f4pitaux aupr\u00e8s des enfants, un choix qui s&rsquo;impose naturellement pour moi.<\/div>\n<div><\/div>\n<h4>Pour aller plus loin :<\/h4>\n<ul>\n<li>Pour les enfants hospitalis\u00e9s, n&rsquo;h\u00e9sitez pas \u00e0 faire un don \u00e0 <a href=\"https:\/\/www.leetchi.com\/c\/lenduropale-avec-leucemie-espoir-rnm0nlmb\" target=\"_blank\" rel=\"noopener\">Leuc\u00e9mie Espoir , en cliquant sur ce lien \/ Cagnote en ligne.<\/a><\/li>\n<li>Visitez la page <a href=\"https:\/\/www.facebook.com\/lesofficiels83\" target=\"_blank\" rel=\"noopener\">Facebook de notre ami \u00ab\u00a0Raphael Planckeel<\/a><\/li>\n<\/ul>\n<p><img loading=\"lazy\" decoding=\"async\" class=\"aligncenter wp-image-12038 size-full\" src=\"https:\/\/www.enduropale-passion.com\/touquet\/wp-content\/uploads\/2023\/02\/329200679_2357660667725596_8528598230403323013_n.jpg\" alt=\"\" width=\"1024\" height=\"731\" srcset=\"https:\/\/www.enduropale-passion.com\/touquet\/wp-content\/uploads\/2023\/02\/329200679_2357660667725596_8528598230403323013_n.jpg 1024w, https:\/\/www.enduropale-passion.com\/touquet\/wp-content\/uploads\/2023\/02\/329200679_2357660667725596_8528598230403323013_n-300x214.jpg 300w, https:\/\/www.enduropale-passion.com\/touquet\/wp-content\/uploads\/2023\/02\/329200679_2357660667725596_8528598230403323013_n-768x548.jpg 768w\" sizes=\"auto, (max-width: 1024px) 100vw, 1024px\" \/><\/p>\n<p style=\"text-align: center;\"><div  id=\"jtg-12056\" class=\"modula modula-gallery modula-creative-gallery\" data-config=\"{&quot;height&quot;:800,&quot;tabletHeight&quot;:800,&quot;mobileHeight&quot;:800,&quot;desktopHeight&quot;:800,&quot;enableTwitter&quot;:false,&quot;enableWhatsapp&quot;:false,&quot;enableFacebook&quot;:false,&quot;enablePinterest&quot;:false,&quot;enableLinkedin&quot;:false,&quot;enableEmail&quot;:false,&quot;randomFactor&quot;:0.5,&quot;type&quot;:&quot;creative-gallery&quot;,&quot;columns&quot;:12,&quot;gutter&quot;:10,&quot;mobileGutter&quot;:10,&quot;tabletGutter&quot;:10,&quot;desktopGutter&quot;:10,&quot;enableResponsive&quot;:&quot;0&quot;,&quot;tabletColumns&quot;:&quot;2&quot;,&quot;mobileColumns&quot;:&quot;1&quot;,&quot;lazyLoad&quot;:0,&quot;lightboxOpts&quot;:{&quot;animated&quot;:true,&quot;Thumbs&quot;:{&quot;type&quot;:&quot;modern&quot;,&quot;showOnStart&quot;:false},&quot;Toolbar&quot;:{&quot;display&quot;:{&quot;right&quot;:[&quot;close&quot;]},&quot;enabled&quot;:true},&quot;Carousel&quot;:{&quot;Panzoom&quot;:{&quot;touch&quot;:true},&quot;infinite&quot;:false},&quot;keyboard&quot;:{&quot;Escape&quot;:&quot;close&quot;,&quot;Delete&quot;:&quot;close&quot;,&quot;Backspace&quot;:&quot;close&quot;,&quot;PageUp&quot;:false,&quot;PageDown&quot;:false,&quot;ArrowUp&quot;:false,&quot;ArrowDown&quot;:false,&quot;ArrowRight&quot;:false,&quot;ArrowLeft&quot;:false},&quot;touch&quot;:false,&quot;backdropClick&quot;:false,&quot;l10n&quot;:{&quot;CLOSE&quot;:&quot;Close&quot;,&quot;NEXT&quot;:&quot;Next&quot;,&quot;PREV&quot;:&quot;Previous&quot;,&quot;Error&quot;:&quot;The requested content cannot be loaded. Please try again later.&quot;,&quot;PLAY_START&quot;:&quot;Start slideshow&quot;,&quot;PLAY_STOP&quot;:&quot;Pause slideshow&quot;,&quot;FULL_SCREEN&quot;:&quot;Full screen&quot;,&quot;THUMBS&quot;:&quot;Thumbnails&quot;,&quot;DOWNLOAD&quot;:&quot;Download&quot;,&quot;SHARE&quot;:&quot;Share&quot;,&quot;ZOOM&quot;:&quot;Zoom&quot;,&quot;EMAIL&quot;:&quot;Here is the link to the image : %%image_link%% and this is the link to the gallery : %%gallery_link%%&quot;,&quot;MODAL&quot;:&quot;You can close this modal content with the ESC key&quot;,&quot;ERROR&quot;:&quot;Something Went Wrong, Please Try Again Later&quot;,&quot;IMAGE_ERROR&quot;:&quot;Image Not Found&quot;,&quot;ELEMENT_NOT_FOUND&quot;:&quot;HTML Element Not Found&quot;,&quot;AJAX_NOT_FOUND&quot;:&quot;Error Loading AJAX : Not Found&quot;,&quot;AJAX_FORBIDDEN&quot;:&quot;Error Loading AJAX : Forbidden&quot;,&quot;IFRAME_ERROR&quot;:&quot;Error Loading Page&quot;,&quot;TOGGLE_ZOOM&quot;:&quot;Toggle zoom level&quot;,&quot;TOGGLE_THUMBS&quot;:&quot;Toggle thumbnails&quot;,&quot;TOGGLE_SLIDESHOW&quot;:&quot;Toggle slideshow&quot;,&quot;TOGGLE_FULLSCREEN&quot;:&quot;Toggle full-screen mode&quot;},&quot;Images&quot;:{&quot;Panzoom&quot;:{&quot;maxScale&quot;:2}},&quot;mainClass&quot;:&quot;modula-fancybox-container modula-lightbox-jtg-12056&quot;,&quot;Html&quot;:{&quot;videoAutoplay&quot;:0,&quot;videoTpl&quot;:&quot;&lt;video class=\\&quot;fancybox__html5video\\&quot; controls muted playsinline controlsList controlsList=\\&quot;nodownload\\&quot; poster=\\&quot;{{poster}}\\&quot; src=\\&quot;{{src}}\\&quot; type=\\&quot;{{format}}\\&quot; &gt;  Sorry, your browser doesn&#039;t support embedded videos, &lt;a href=\\&quot;{{src}}\\&quot;&gt; download &lt;\\\/a&gt; and watch with your favorite video player! &lt;\\\/video&gt;&quot;}},&quot;inView&quot;:false,&quot;email_subject&quot;:&quot;Check out this awesome image !!&quot;,&quot;email_message&quot;:&quot;Here is the link to the image : %%image_link%% and this is the link to the gallery : %%gallery_link%%&quot;,&quot;lightbox&quot;:&quot;fancybox&quot;}\">\n\n\t\n\t<div  class=\"modula-items\">\n\t\t<div class=\"modula-item effect-pufrobo\" >\n\t<div class=\"modula-item-overlay\"><\/div>\n\n\t<div class=\"modula-item-content\">\n\n\t\t<a data-image-id=\"12053\" role=\"button\" tabindex=\"0\" rel=\"jtg-12056\" data-caption=\"\" aria-label=\"Open image in lightbox\" class=\"tile-inner modula-item-link\"><\/a><img loading=\"lazy\" decoding=\"async\" class=\"pic wp-image-12053\"  data-valign=\"middle\" data-halign=\"center\" alt=\"\" data-full=\"https:\/\/www.enduropale-passion.com\/touquet\/wp-content\/uploads\/2023\/02\/raphael-planckeel-1.jpg\" title=\"raphael planckeel\" crop=\"\" width=\"300\" height=\"287\" src=\"https:\/\/www.enduropale-passion.com\/touquet\/wp-content\/uploads\/2023\/02\/raphael-planckeel-1-300x287.jpg\" data-src=\"https:\/\/www.enduropale-passion.com\/touquet\/wp-content\/uploads\/2023\/02\/raphael-planckeel-1-300x287.jpg\" data-caption=\"\" srcset=\"https:\/\/www.enduropale-passion.com\/touquet\/wp-content\/uploads\/2023\/02\/raphael-planckeel-1.jpg 1365w, https:\/\/www.enduropale-passion.com\/touquet\/wp-content\/uploads\/2023\/02\/raphael-planckeel-1-300x287.jpg 300w, https:\/\/www.enduropale-passion.com\/touquet\/wp-content\/uploads\/2023\/02\/raphael-planckeel-1-1069x1024.jpg 1069w, https:\/\/www.enduropale-passion.com\/touquet\/wp-content\/uploads\/2023\/02\/raphael-planckeel-1-768x736.jpg 768w\" sizes=\"auto, (max-width: 300px) 100vw, 300px\" \/>\n\t\t<div class=\"figc no-description\">\n\t\t\t<div class=\"figc-inner\">\n\t\t\t\t\t\t\t\t\t\t\t\t\t\t\t<\/div>\n\t\t<\/div>\n\n\t<\/div>\n\n<\/div><div class=\"modula-item effect-pufrobo\" >\n\t<div class=\"modula-item-overlay\"><\/div>\n\n\t<div class=\"modula-item-content\">\n\n\t\t<a data-image-id=\"12052\" role=\"button\" tabindex=\"0\" rel=\"jtg-12056\" data-caption=\"\" aria-label=\"Open image in lightbox\" class=\"tile-inner modula-item-link\"><\/a><img loading=\"lazy\" decoding=\"async\" class=\"pic wp-image-12052\"  data-valign=\"middle\" data-halign=\"center\" alt=\"\" data-full=\"https:\/\/www.enduropale-passion.com\/touquet\/wp-content\/uploads\/2023\/02\/Trop-de-sable-au-touquet.jpg\" title=\"Trop de sable au touquet\" crop=\"\" width=\"225\" height=\"300\" src=\"https:\/\/www.enduropale-passion.com\/touquet\/wp-content\/uploads\/2023\/02\/Trop-de-sable-au-touquet-225x300.jpg\" data-src=\"https:\/\/www.enduropale-passion.com\/touquet\/wp-content\/uploads\/2023\/02\/Trop-de-sable-au-touquet-225x300.jpg\" data-caption=\"\" srcset=\"https:\/\/www.enduropale-passion.com\/touquet\/wp-content\/uploads\/2023\/02\/Trop-de-sable-au-touquet.jpg 1536w, https:\/\/www.enduropale-passion.com\/touquet\/wp-content\/uploads\/2023\/02\/Trop-de-sable-au-touquet-225x300.jpg 225w, https:\/\/www.enduropale-passion.com\/touquet\/wp-content\/uploads\/2023\/02\/Trop-de-sable-au-touquet-768x1024.jpg 768w, https:\/\/www.enduropale-passion.com\/touquet\/wp-content\/uploads\/2023\/02\/Trop-de-sable-au-touquet-1152x1536.jpg 1152w\" sizes=\"auto, (max-width: 225px) 100vw, 225px\" \/>\n\t\t<div class=\"figc no-description\">\n\t\t\t<div class=\"figc-inner\">\n\t\t\t\t\t\t\t\t\t\t\t\t\t\t\t<\/div>\n\t\t<\/div>\n\n\t<\/div>\n\n<\/div><div class=\"modula-item effect-pufrobo\" >\n\t<div class=\"modula-item-overlay\"><\/div>\n\n\t<div class=\"modula-item-content\">\n\n\t\t<a data-image-id=\"12051\" role=\"button\" tabindex=\"0\" rel=\"jtg-12056\" data-caption=\"\" aria-label=\"Open image in lightbox\" class=\"tile-inner modula-item-link\"><\/a><img loading=\"lazy\" decoding=\"async\" class=\"pic wp-image-12051\"  data-valign=\"middle\" data-halign=\"center\" alt=\"\" data-full=\"https:\/\/www.enduropale-passion.com\/touquet\/wp-content\/uploads\/2023\/02\/Le-pilote-sur-sa-monture-ou-linverse.jpg\" title=\"Le pilote sur sa monture (ou l&#039;inverse)\" crop=\"\" width=\"300\" height=\"286\" src=\"https:\/\/www.enduropale-passion.com\/touquet\/wp-content\/uploads\/2023\/02\/Le-pilote-sur-sa-monture-ou-linverse-300x286.jpg\" data-src=\"https:\/\/www.enduropale-passion.com\/touquet\/wp-content\/uploads\/2023\/02\/Le-pilote-sur-sa-monture-ou-linverse-300x286.jpg\" data-caption=\"\" srcset=\"https:\/\/www.enduropale-passion.com\/touquet\/wp-content\/uploads\/2023\/02\/Le-pilote-sur-sa-monture-ou-linverse.jpg 640w, https:\/\/www.enduropale-passion.com\/touquet\/wp-content\/uploads\/2023\/02\/Le-pilote-sur-sa-monture-ou-linverse-300x286.jpg 300w\" sizes=\"auto, (max-width: 300px) 100vw, 300px\" \/>\n\t\t<div class=\"figc no-description\">\n\t\t\t<div class=\"figc-inner\">\n\t\t\t\t\t\t\t\t\t\t\t\t\t\t\t<\/div>\n\t\t<\/div>\n\n\t<\/div>\n\n<\/div><div class=\"modula-item effect-pufrobo\" >\n\t<div class=\"modula-item-overlay\"><\/div>\n\n\t<div class=\"modula-item-content\">\n\n\t\t<a data-image-id=\"12050\" role=\"button\" tabindex=\"0\" rel=\"jtg-12056\" data-caption=\"\" aria-label=\"Open image in lightbox\" class=\"tile-inner modula-item-link\"><\/a><img loading=\"lazy\" decoding=\"async\" class=\"pic wp-image-12050\"  data-valign=\"middle\" data-halign=\"center\" alt=\"\" data-full=\"https:\/\/www.enduropale-passion.com\/touquet\/wp-content\/uploads\/2023\/02\/Raphael-Planckeel-2023-4-2.jpg\" title=\"Raphael Planckeel 2023 (4)\" crop=\"\" width=\"232\" height=\"300\" src=\"https:\/\/www.enduropale-passion.com\/touquet\/wp-content\/uploads\/2023\/02\/Raphael-Planckeel-2023-4-2-232x300.jpg\" data-src=\"https:\/\/www.enduropale-passion.com\/touquet\/wp-content\/uploads\/2023\/02\/Raphael-Planckeel-2023-4-2-232x300.jpg\" data-caption=\"\" srcset=\"https:\/\/www.enduropale-passion.com\/touquet\/wp-content\/uploads\/2023\/02\/Raphael-Planckeel-2023-4-2.jpg 757w, https:\/\/www.enduropale-passion.com\/touquet\/wp-content\/uploads\/2023\/02\/Raphael-Planckeel-2023-4-2-232x300.jpg 232w\" sizes=\"auto, (max-width: 232px) 100vw, 232px\" \/>\n\t\t<div class=\"figc no-description\">\n\t\t\t<div class=\"figc-inner\">\n\t\t\t\t\t\t\t\t\t\t\t\t\t\t\t<\/div>\n\t\t<\/div>\n\n\t<\/div>\n\n<\/div><div class=\"modula-item effect-pufrobo\" >\n\t<div class=\"modula-item-overlay\"><\/div>\n\n\t<div class=\"modula-item-content\">\n\n\t\t<a data-image-id=\"12049\" role=\"button\" tabindex=\"0\" rel=\"jtg-12056\" data-caption=\"\" aria-label=\"Open image in lightbox\" class=\"tile-inner modula-item-link\"><\/a><img loading=\"lazy\" decoding=\"async\" class=\"pic wp-image-12049\"  data-valign=\"middle\" data-halign=\"center\" alt=\"\" data-full=\"https:\/\/www.enduropale-passion.com\/touquet\/wp-content\/uploads\/2023\/02\/Vintage-2023.jpg\" title=\"Vintage 2023\" crop=\"\" width=\"142\" height=\"300\" src=\"https:\/\/www.enduropale-passion.com\/touquet\/wp-content\/uploads\/2023\/02\/Vintage-2023-142x300.jpg\" data-src=\"https:\/\/www.enduropale-passion.com\/touquet\/wp-content\/uploads\/2023\/02\/Vintage-2023-142x300.jpg\" data-caption=\"\" srcset=\"https:\/\/www.enduropale-passion.com\/touquet\/wp-content\/uploads\/2023\/02\/Vintage-2023.jpg 757w, https:\/\/www.enduropale-passion.com\/touquet\/wp-content\/uploads\/2023\/02\/Vintage-2023-142x300.jpg 142w, https:\/\/www.enduropale-passion.com\/touquet\/wp-content\/uploads\/2023\/02\/Vintage-2023-484x1024.jpg 484w, https:\/\/www.enduropale-passion.com\/touquet\/wp-content\/uploads\/2023\/02\/Vintage-2023-727x1536.jpg 727w\" sizes=\"auto, (max-width: 142px) 100vw, 142px\" \/>\n\t\t<div class=\"figc no-description\">\n\t\t\t<div class=\"figc-inner\">\n\t\t\t\t\t\t\t\t\t\t\t\t\t\t\t<\/div>\n\t\t<\/div>\n\n\t<\/div>\n\n<\/div><div class=\"modula-item effect-pufrobo\" >\n\t<div class=\"modula-item-overlay\"><\/div>\n\n\t<div class=\"modula-item-content\">\n\n\t\t<a data-image-id=\"12048\" role=\"button\" tabindex=\"0\" rel=\"jtg-12056\" data-caption=\"\" aria-label=\"Open image in lightbox\" class=\"tile-inner modula-item-link\"><\/a><img loading=\"lazy\" decoding=\"async\" class=\"pic wp-image-12048\"  data-valign=\"middle\" data-halign=\"center\" alt=\"\" data-full=\"https:\/\/www.enduropale-passion.com\/touquet\/wp-content\/uploads\/2023\/02\/Raphael-Planckeel-2023-2-1.jpg\" title=\"Raphael Planckeel 2023 (2)\" crop=\"\" width=\"225\" height=\"300\" src=\"https:\/\/www.enduropale-passion.com\/touquet\/wp-content\/uploads\/2023\/02\/Raphael-Planckeel-2023-2-1-225x300.jpg\" data-src=\"https:\/\/www.enduropale-passion.com\/touquet\/wp-content\/uploads\/2023\/02\/Raphael-Planckeel-2023-2-1-225x300.jpg\" data-caption=\"\" srcset=\"https:\/\/www.enduropale-passion.com\/touquet\/wp-content\/uploads\/2023\/02\/Raphael-Planckeel-2023-2-1.jpg 1536w, https:\/\/www.enduropale-passion.com\/touquet\/wp-content\/uploads\/2023\/02\/Raphael-Planckeel-2023-2-1-225x300.jpg 225w, https:\/\/www.enduropale-passion.com\/touquet\/wp-content\/uploads\/2023\/02\/Raphael-Planckeel-2023-2-1-768x1024.jpg 768w, https:\/\/www.enduropale-passion.com\/touquet\/wp-content\/uploads\/2023\/02\/Raphael-Planckeel-2023-2-1-1152x1536.jpg 1152w\" sizes=\"auto, (max-width: 225px) 100vw, 225px\" \/>\n\t\t<div class=\"figc no-description\">\n\t\t\t<div class=\"figc-inner\">\n\t\t\t\t\t\t\t\t\t\t\t\t\t\t\t<\/div>\n\t\t<\/div>\n\n\t<\/div>\n\n<\/div><div class=\"modula-item effect-pufrobo\" >\n\t<div class=\"modula-item-overlay\"><\/div>\n\n\t<div class=\"modula-item-content\">\n\n\t\t<a data-image-id=\"12047\" role=\"button\" tabindex=\"0\" rel=\"jtg-12056\" data-caption=\"\" aria-label=\"Open image in lightbox\" class=\"tile-inner modula-item-link\"><\/a><img loading=\"lazy\" decoding=\"async\" class=\"pic wp-image-12047\"  data-valign=\"middle\" data-halign=\"center\" alt=\"\" data-full=\"https:\/\/www.enduropale-passion.com\/touquet\/wp-content\/uploads\/2023\/02\/Raphael-Potisek-le-vrai.jpg\" title=\"Raphael Potisek le vrai\" crop=\"\" width=\"225\" height=\"300\" src=\"https:\/\/www.enduropale-passion.com\/touquet\/wp-content\/uploads\/2023\/02\/Raphael-Potisek-le-vrai-225x300.jpg\" data-src=\"https:\/\/www.enduropale-passion.com\/touquet\/wp-content\/uploads\/2023\/02\/Raphael-Potisek-le-vrai-225x300.jpg\" data-caption=\"\" srcset=\"https:\/\/www.enduropale-passion.com\/touquet\/wp-content\/uploads\/2023\/02\/Raphael-Potisek-le-vrai.jpg 1536w, https:\/\/www.enduropale-passion.com\/touquet\/wp-content\/uploads\/2023\/02\/Raphael-Potisek-le-vrai-225x300.jpg 225w, https:\/\/www.enduropale-passion.com\/touquet\/wp-content\/uploads\/2023\/02\/Raphael-Potisek-le-vrai-768x1024.jpg 768w, https:\/\/www.enduropale-passion.com\/touquet\/wp-content\/uploads\/2023\/02\/Raphael-Potisek-le-vrai-1152x1536.jpg 1152w\" sizes=\"auto, (max-width: 225px) 100vw, 225px\" \/>\n\t\t<div class=\"figc no-description\">\n\t\t\t<div class=\"figc-inner\">\n\t\t\t\t\t\t\t\t\t\t\t\t\t\t\t<\/div>\n\t\t<\/div>\n\n\t<\/div>\n\n<\/div><div class=\"modula-item effect-pufrobo\" >\n\t<div class=\"modula-item-overlay\"><\/div>\n\n\t<div class=\"modula-item-content\">\n\n\t\t<a data-image-id=\"12046\" role=\"button\" tabindex=\"0\" rel=\"jtg-12056\" data-caption=\"\" aria-label=\"Open image in lightbox\" class=\"tile-inner modula-item-link\"><\/a><img loading=\"lazy\" decoding=\"async\" class=\"pic wp-image-12046\"  data-valign=\"middle\" data-halign=\"center\" alt=\"\" data-full=\"https:\/\/www.enduropale-passion.com\/touquet\/wp-content\/uploads\/2023\/02\/Lequipe-de-leucemie-Espoir.jpg\" title=\"L&#039;\u00e9quipe de leucemie Espoir\" crop=\"\" width=\"300\" height=\"214\" src=\"https:\/\/www.enduropale-passion.com\/touquet\/wp-content\/uploads\/2023\/02\/Lequipe-de-leucemie-Espoir-300x214.jpg\" data-src=\"https:\/\/www.enduropale-passion.com\/touquet\/wp-content\/uploads\/2023\/02\/Lequipe-de-leucemie-Espoir-300x214.jpg\" data-caption=\"\" srcset=\"https:\/\/www.enduropale-passion.com\/touquet\/wp-content\/uploads\/2023\/02\/Lequipe-de-leucemie-Espoir.jpg 1024w, https:\/\/www.enduropale-passion.com\/touquet\/wp-content\/uploads\/2023\/02\/Lequipe-de-leucemie-Espoir-300x214.jpg 300w, https:\/\/www.enduropale-passion.com\/touquet\/wp-content\/uploads\/2023\/02\/Lequipe-de-leucemie-Espoir-768x548.jpg 768w\" sizes=\"auto, (max-width: 300px) 100vw, 300px\" \/>\n\t\t<div class=\"figc no-description\">\n\t\t\t<div class=\"figc-inner\">\n\t\t\t\t\t\t\t\t\t\t\t\t\t\t\t<\/div>\n\t\t<\/div>\n\n\t<\/div>\n\n<\/div><div class=\"modula-item effect-pufrobo\" >\n\t<div class=\"modula-item-overlay\"><\/div>\n\n\t<div class=\"modula-item-content\">\n\n\t\t<a data-image-id=\"12043\" role=\"button\" tabindex=\"0\" rel=\"jtg-12056\" data-caption=\"\" aria-label=\"Open image in lightbox\" class=\"tile-inner modula-item-link\"><\/a><img loading=\"lazy\" decoding=\"async\" class=\"pic wp-image-12043\"  data-valign=\"middle\" data-halign=\"center\" alt=\"\" data-full=\"https:\/\/www.enduropale-passion.com\/touquet\/wp-content\/uploads\/2023\/02\/Raphael-Planckeel-2023-4-1.jpg\" title=\"Raphael Planckeel 2023 (4)\" crop=\"\" width=\"232\" height=\"300\" src=\"https:\/\/www.enduropale-passion.com\/touquet\/wp-content\/uploads\/2023\/02\/Raphael-Planckeel-2023-4-1-232x300.jpg\" data-src=\"https:\/\/www.enduropale-passion.com\/touquet\/wp-content\/uploads\/2023\/02\/Raphael-Planckeel-2023-4-1-232x300.jpg\" data-caption=\"\" srcset=\"https:\/\/www.enduropale-passion.com\/touquet\/wp-content\/uploads\/2023\/02\/Raphael-Planckeel-2023-4-1.jpg 757w, https:\/\/www.enduropale-passion.com\/touquet\/wp-content\/uploads\/2023\/02\/Raphael-Planckeel-2023-4-1-232x300.jpg 232w\" sizes=\"auto, (max-width: 232px) 100vw, 232px\" \/>\n\t\t<div class=\"figc no-description\">\n\t\t\t<div class=\"figc-inner\">\n\t\t\t\t\t\t\t\t\t\t\t\t\t\t\t<\/div>\n\t\t<\/div>\n\n\t<\/div>\n\n<\/div>\t\t\n\t<\/div>\n\n\t\n\t\n\t<script type=\"application\/ld+json\">\n\t{\n\t\t\"@context\": \"http:\/\/schema.org\",\n\t\t\"@type\"   : \"ImageGallery\",\n\t\t\"id\"      : \"https:\/\/www.enduropale-passion.com\/touquet\/poireau-dor-2023-raphael-planckeel\/\",\n\t\t\"url\"     : \"https:\/\/www.enduropale-passion.com\/touquet\/poireau-dor-2023-raphael-planckeel\/\"\n\t}\n\n\t<\/script>\n\n\t\n<\/div>\n<\/p>\n","protected":false},"excerpt":{"rendered":"<p>Raphael Planckeel \/ Leuc\u00e9mie Espoir Comme le dit ce fameux adage : \u00ab\u00a0Poireau un jour, poireau toujours\u00a0\u00bb.\u00a0Voici que notre ami Rapha\u00ebl Planckeel est \u00e9lu pour la seconde fois au rang honorifique de \u00ab\u00a0poireau d&rsquo;or\u00a0\u00bb pour cette 47eme \u00e9dition. Pourquoi lui, il est m\u00eame pas beau ? Son style, son panache, son implication \u00e0 casser des [&hellip;]<\/p>\n","protected":false},"author":1,"featured_media":0,"parent":0,"menu_order":0,"comment_status":"closed","ping_status":"closed","template":"","meta":{"site-sidebar-layout":"default","site-content-layout":"default","ast-site-content-layout":"","site-content-style":"default","site-sidebar-style":"default","ast-global-header-display":"","ast-banner-title-visibility":"","ast-main-header-display":"","ast-hfb-above-header-display":"","ast-hfb-below-header-display":"","ast-hfb-mobile-header-display":"","site-post-title":"","ast-breadcrumbs-content":"","ast-featured-img":"","footer-sml-layout":"","theme-transparent-header-meta":"default","adv-header-id-meta":"","stick-header-meta":"","header-above-stick-meta":"","header-main-stick-meta":"","header-below-stick-meta":"","astra-migrate-meta-layouts":"default","ast-page-background-enabled":"default","ast-page-background-meta":{"desktop":{"background-color":"var(--ast-global-color-4)","background-image":"","background-repeat":"repeat","background-position":"center center","background-size":"auto","background-attachment":"scroll","background-type":"","background-media":"","overlay-type":"","overlay-color":"","overlay-opacity":"","overlay-gradient":""},"tablet":{"background-color":"","background-image":"","background-repeat":"repeat","background-position":"center center","background-size":"auto","background-attachment":"scroll","background-type":"","background-media":"","overlay-type":"","overlay-color":"","overlay-opacity":"","overlay-gradient":""},"mobile":{"background-color":"","background-image":"","background-repeat":"repeat","background-position":"center center","background-size":"auto","background-attachment":"scroll","background-type":"","background-media":"","overlay-type":"","overlay-color":"","overlay-opacity":"","overlay-gradient":""}},"ast-content-background-meta":{"desktop":{"background-color":"var(--ast-global-color-5)","background-image":"","background-repeat":"repeat","background-position":"center center","background-size":"auto","background-attachment":"scroll","background-type":"","background-media":"","overlay-type":"","overlay-color":"","overlay-opacity":"","overlay-gradient":""},"tablet":{"background-color":"var(--ast-global-color-5)","background-image":"","background-repeat":"repeat","background-position":"center center","background-size":"auto","background-attachment":"scroll","background-type":"","background-media":"","overlay-type":"","overlay-color":"","overlay-opacity":"","overlay-gradient":""},"mobile":{"background-color":"var(--ast-global-color-5)","background-image":"","background-repeat":"repeat","background-position":"center center","background-size":"auto","background-attachment":"scroll","background-type":"","background-media":"","overlay-type":"","overlay-color":"","overlay-opacity":"","overlay-gradient":""}},"footnotes":""},"class_list":["post-12024","page","type-page","status-publish","hentry"],"yoast_head":"<!-- This site is optimized with the Yoast SEO plugin v27.5 - https:\/\/yoast.com\/product\/yoast-seo-wordpress\/ -->\n<title>Poireau d&#039;or 2023 : Raphael Planckeel - Enduropale, Quaduro et Vintage 2026<\/title>\n<meta name=\"description\" content=\"Poireau d&#039;or 2023, Raphael Planckeel est, avant le champion du monde moto que l&#039;on connait, un clown sympa au coeur gros !\" \/>\n<meta name=\"robots\" content=\"index, follow, max-snippet:-1, max-image-preview:large, max-video-preview:-1\" \/>\n<link rel=\"canonical\" href=\"https:\/\/www.enduropale-passion.com\/touquet\/poireau-dor-2023-raphael-planckeel\/\" \/>\n<script type=\"application\/ld+json\" class=\"yoast-schema-graph\">{\"@context\":\"https:\\\/\\\/schema.org\",\"@graph\":[{\"@type\":\"NewsArticle\",\"@id\":\"https:\\\/\\\/www.enduropale-passion.com\\\/touquet\\\/poireau-dor-2023-raphael-planckeel\\\/#article\",\"isPartOf\":{\"@id\":\"https:\\\/\\\/www.enduropale-passion.com\\\/touquet\\\/poireau-dor-2023-raphael-planckeel\\\/\"},\"author\":{\"name\":\"jean-marc\",\"@id\":\"https:\\\/\\\/www.enduropale-passion.com\\\/touquet\\\/#\\\/schema\\\/person\\\/d3beef060ca1ae808ca028d5f2f4d3ab\"},\"headline\":\"Poireau d&rsquo;or 2023 : Raphael Planckeel\",\"datePublished\":\"2023-02-10T09:52:35+00:00\",\"dateModified\":\"2023-02-10T12:40:27+00:00\",\"mainEntityOfPage\":{\"@id\":\"https:\\\/\\\/www.enduropale-passion.com\\\/touquet\\\/poireau-dor-2023-raphael-planckeel\\\/\"},\"wordCount\":489,\"publisher\":{\"@id\":\"https:\\\/\\\/www.enduropale-passion.com\\\/touquet\\\/#organization\"},\"image\":{\"@id\":\"https:\\\/\\\/www.enduropale-passion.com\\\/touquet\\\/poireau-dor-2023-raphael-planckeel\\\/#primaryimage\"},\"thumbnailUrl\":\"https:\\\/\\\/www.enduropale-passion.com\\\/touquet\\\/wp-content\\\/uploads\\\/2023\\\/02\\\/Lequipe-de-leucemie-Espoir-raphael-planckeel.jpg\",\"inLanguage\":\"fr-FR\"},{\"@type\":\"WebPage\",\"@id\":\"https:\\\/\\\/www.enduropale-passion.com\\\/touquet\\\/poireau-dor-2023-raphael-planckeel\\\/\",\"url\":\"https:\\\/\\\/www.enduropale-passion.com\\\/touquet\\\/poireau-dor-2023-raphael-planckeel\\\/\",\"name\":\"Poireau d'or 2023 : Raphael Planckeel - Enduropale, Quaduro et Vintage 2026\",\"isPartOf\":{\"@id\":\"https:\\\/\\\/www.enduropale-passion.com\\\/touquet\\\/#website\"},\"primaryImageOfPage\":{\"@id\":\"https:\\\/\\\/www.enduropale-passion.com\\\/touquet\\\/poireau-dor-2023-raphael-planckeel\\\/#primaryimage\"},\"image\":{\"@id\":\"https:\\\/\\\/www.enduropale-passion.com\\\/touquet\\\/poireau-dor-2023-raphael-planckeel\\\/#primaryimage\"},\"thumbnailUrl\":\"https:\\\/\\\/www.enduropale-passion.com\\\/touquet\\\/wp-content\\\/uploads\\\/2023\\\/02\\\/Lequipe-de-leucemie-Espoir-raphael-planckeel.jpg\",\"datePublished\":\"2023-02-10T09:52:35+00:00\",\"dateModified\":\"2023-02-10T12:40:27+00:00\",\"description\":\"Poireau d'or 2023, Raphael Planckeel est, avant le champion du monde moto que l'on connait, un clown sympa au coeur gros !\",\"breadcrumb\":{\"@id\":\"https:\\\/\\\/www.enduropale-passion.com\\\/touquet\\\/poireau-dor-2023-raphael-planckeel\\\/#breadcrumb\"},\"inLanguage\":\"fr-FR\",\"potentialAction\":[{\"@type\":\"ReadAction\",\"target\":[\"https:\\\/\\\/www.enduropale-passion.com\\\/touquet\\\/poireau-dor-2023-raphael-planckeel\\\/\"]}]},{\"@type\":\"ImageObject\",\"inLanguage\":\"fr-FR\",\"@id\":\"https:\\\/\\\/www.enduropale-passion.com\\\/touquet\\\/poireau-dor-2023-raphael-planckeel\\\/#primaryimage\",\"url\":\"https:\\\/\\\/www.enduropale-passion.com\\\/touquet\\\/wp-content\\\/uploads\\\/2023\\\/02\\\/Lequipe-de-leucemie-Espoir-raphael-planckeel.jpg\",\"contentUrl\":\"https:\\\/\\\/www.enduropale-passion.com\\\/touquet\\\/wp-content\\\/uploads\\\/2023\\\/02\\\/Lequipe-de-leucemie-Espoir-raphael-planckeel.jpg\",\"width\":871,\"height\":360},{\"@type\":\"BreadcrumbList\",\"@id\":\"https:\\\/\\\/www.enduropale-passion.com\\\/touquet\\\/poireau-dor-2023-raphael-planckeel\\\/#breadcrumb\",\"itemListElement\":[{\"@type\":\"ListItem\",\"position\":1,\"name\":\"Accueil\",\"item\":\"https:\\\/\\\/www.enduropale-passion.com\\\/touquet\\\/\"},{\"@type\":\"ListItem\",\"position\":2,\"name\":\"Poireau d&rsquo;or 2023 : Raphael Planckeel\"}]},{\"@type\":\"WebSite\",\"@id\":\"https:\\\/\\\/www.enduropale-passion.com\\\/touquet\\\/#website\",\"url\":\"https:\\\/\\\/www.enduropale-passion.com\\\/touquet\\\/\",\"name\":\"Enduropale, Quaduro et Vintage 2026\",\"description\":\"Championnat du monde des sables\",\"publisher\":{\"@id\":\"https:\\\/\\\/www.enduropale-passion.com\\\/touquet\\\/#organization\"},\"potentialAction\":[{\"@type\":\"SearchAction\",\"target\":{\"@type\":\"EntryPoint\",\"urlTemplate\":\"https:\\\/\\\/www.enduropale-passion.com\\\/touquet\\\/?s={search_term_string}\"},\"query-input\":{\"@type\":\"PropertyValueSpecification\",\"valueRequired\":true,\"valueName\":\"search_term_string\"}}],\"inLanguage\":\"fr-FR\"},{\"@type\":\"Organization\",\"@id\":\"https:\\\/\\\/www.enduropale-passion.com\\\/touquet\\\/#organization\",\"name\":\"Enduropale Passion\",\"url\":\"https:\\\/\\\/www.enduropale-passion.com\\\/touquet\\\/\",\"logo\":{\"@type\":\"ImageObject\",\"inLanguage\":\"fr-FR\",\"@id\":\"https:\\\/\\\/www.enduropale-passion.com\\\/touquet\\\/#\\\/schema\\\/logo\\\/image\\\/\",\"url\":\"https:\\\/\\\/www.enduropale-passion.com\\\/touquet\\\/wp-content\\\/uploads\\\/2018\\\/01\\\/rect5318a.png\",\"contentUrl\":\"https:\\\/\\\/www.enduropale-passion.com\\\/touquet\\\/wp-content\\\/uploads\\\/2018\\\/01\\\/rect5318a.png\",\"width\":1178,\"height\":389,\"caption\":\"Enduropale Passion\"},\"image\":{\"@id\":\"https:\\\/\\\/www.enduropale-passion.com\\\/touquet\\\/#\\\/schema\\\/logo\\\/image\\\/\"}},{\"@type\":\"Person\",\"@id\":\"https:\\\/\\\/www.enduropale-passion.com\\\/touquet\\\/#\\\/schema\\\/person\\\/d3beef060ca1ae808ca028d5f2f4d3ab\",\"name\":\"jean-marc\",\"image\":{\"@type\":\"ImageObject\",\"inLanguage\":\"fr-FR\",\"@id\":\"https:\\\/\\\/secure.gravatar.com\\\/avatar\\\/da63a71c7b3c891d13f316f979f70f394c40b51eff8683f7ed50dcaf88d1bfc2?s=96&r=g\",\"url\":\"https:\\\/\\\/secure.gravatar.com\\\/avatar\\\/da63a71c7b3c891d13f316f979f70f394c40b51eff8683f7ed50dcaf88d1bfc2?s=96&r=g\",\"contentUrl\":\"https:\\\/\\\/secure.gravatar.com\\\/avatar\\\/da63a71c7b3c891d13f316f979f70f394c40b51eff8683f7ed50dcaf88d1bfc2?s=96&r=g\",\"caption\":\"jean-marc\"}}]}<\/script>\n<!-- \/ Yoast SEO plugin. -->","yoast_head_json":{"title":"Poireau d'or 2023 : Raphael Planckeel - Enduropale, Quaduro et Vintage 2026","description":"Poireau d'or 2023, Raphael Planckeel est, avant le champion du monde moto que l'on connait, un clown sympa au coeur gros !","robots":{"index":"index","follow":"follow","max-snippet":"max-snippet:-1","max-image-preview":"max-image-preview:large","max-video-preview":"max-video-preview:-1"},"canonical":"https:\/\/www.enduropale-passion.com\/touquet\/poireau-dor-2023-raphael-planckeel\/","schema":{"@context":"https:\/\/schema.org","@graph":[{"@type":"NewsArticle","@id":"https:\/\/www.enduropale-passion.com\/touquet\/poireau-dor-2023-raphael-planckeel\/#article","isPartOf":{"@id":"https:\/\/www.enduropale-passion.com\/touquet\/poireau-dor-2023-raphael-planckeel\/"},"author":{"name":"jean-marc","@id":"https:\/\/www.enduropale-passion.com\/touquet\/#\/schema\/person\/d3beef060ca1ae808ca028d5f2f4d3ab"},"headline":"Poireau d&rsquo;or 2023 : Raphael Planckeel","datePublished":"2023-02-10T09:52:35+00:00","dateModified":"2023-02-10T12:40:27+00:00","mainEntityOfPage":{"@id":"https:\/\/www.enduropale-passion.com\/touquet\/poireau-dor-2023-raphael-planckeel\/"},"wordCount":489,"publisher":{"@id":"https:\/\/www.enduropale-passion.com\/touquet\/#organization"},"image":{"@id":"https:\/\/www.enduropale-passion.com\/touquet\/poireau-dor-2023-raphael-planckeel\/#primaryimage"},"thumbnailUrl":"https:\/\/www.enduropale-passion.com\/touquet\/wp-content\/uploads\/2023\/02\/Lequipe-de-leucemie-Espoir-raphael-planckeel.jpg","inLanguage":"fr-FR"},{"@type":"WebPage","@id":"https:\/\/www.enduropale-passion.com\/touquet\/poireau-dor-2023-raphael-planckeel\/","url":"https:\/\/www.enduropale-passion.com\/touquet\/poireau-dor-2023-raphael-planckeel\/","name":"Poireau d'or 2023 : Raphael Planckeel - Enduropale, Quaduro et Vintage 2026","isPartOf":{"@id":"https:\/\/www.enduropale-passion.com\/touquet\/#website"},"primaryImageOfPage":{"@id":"https:\/\/www.enduropale-passion.com\/touquet\/poireau-dor-2023-raphael-planckeel\/#primaryimage"},"image":{"@id":"https:\/\/www.enduropale-passion.com\/touquet\/poireau-dor-2023-raphael-planckeel\/#primaryimage"},"thumbnailUrl":"https:\/\/www.enduropale-passion.com\/touquet\/wp-content\/uploads\/2023\/02\/Lequipe-de-leucemie-Espoir-raphael-planckeel.jpg","datePublished":"2023-02-10T09:52:35+00:00","dateModified":"2023-02-10T12:40:27+00:00","description":"Poireau d'or 2023, Raphael Planckeel est, avant le champion du monde moto que l'on connait, un clown sympa au coeur gros !","breadcrumb":{"@id":"https:\/\/www.enduropale-passion.com\/touquet\/poireau-dor-2023-raphael-planckeel\/#breadcrumb"},"inLanguage":"fr-FR","potentialAction":[{"@type":"ReadAction","target":["https:\/\/www.enduropale-passion.com\/touquet\/poireau-dor-2023-raphael-planckeel\/"]}]},{"@type":"ImageObject","inLanguage":"fr-FR","@id":"https:\/\/www.enduropale-passion.com\/touquet\/poireau-dor-2023-raphael-planckeel\/#primaryimage","url":"https:\/\/www.enduropale-passion.com\/touquet\/wp-content\/uploads\/2023\/02\/Lequipe-de-leucemie-Espoir-raphael-planckeel.jpg","contentUrl":"https:\/\/www.enduropale-passion.com\/touquet\/wp-content\/uploads\/2023\/02\/Lequipe-de-leucemie-Espoir-raphael-planckeel.jpg","width":871,"height":360},{"@type":"BreadcrumbList","@id":"https:\/\/www.enduropale-passion.com\/touquet\/poireau-dor-2023-raphael-planckeel\/#breadcrumb","itemListElement":[{"@type":"ListItem","position":1,"name":"Accueil","item":"https:\/\/www.enduropale-passion.com\/touquet\/"},{"@type":"ListItem","position":2,"name":"Poireau d&rsquo;or 2023 : Raphael Planckeel"}]},{"@type":"WebSite","@id":"https:\/\/www.enduropale-passion.com\/touquet\/#website","url":"https:\/\/www.enduropale-passion.com\/touquet\/","name":"Enduropale, Quaduro et Vintage 2026","description":"Championnat du monde des sables","publisher":{"@id":"https:\/\/www.enduropale-passion.com\/touquet\/#organization"},"potentialAction":[{"@type":"SearchAction","target":{"@type":"EntryPoint","urlTemplate":"https:\/\/www.enduropale-passion.com\/touquet\/?s={search_term_string}"},"query-input":{"@type":"PropertyValueSpecification","valueRequired":true,"valueName":"search_term_string"}}],"inLanguage":"fr-FR"},{"@type":"Organization","@id":"https:\/\/www.enduropale-passion.com\/touquet\/#organization","name":"Enduropale Passion","url":"https:\/\/www.enduropale-passion.com\/touquet\/","logo":{"@type":"ImageObject","inLanguage":"fr-FR","@id":"https:\/\/www.enduropale-passion.com\/touquet\/#\/schema\/logo\/image\/","url":"https:\/\/www.enduropale-passion.com\/touquet\/wp-content\/uploads\/2018\/01\/rect5318a.png","contentUrl":"https:\/\/www.enduropale-passion.com\/touquet\/wp-content\/uploads\/2018\/01\/rect5318a.png","width":1178,"height":389,"caption":"Enduropale Passion"},"image":{"@id":"https:\/\/www.enduropale-passion.com\/touquet\/#\/schema\/logo\/image\/"}},{"@type":"Person","@id":"https:\/\/www.enduropale-passion.com\/touquet\/#\/schema\/person\/d3beef060ca1ae808ca028d5f2f4d3ab","name":"jean-marc","image":{"@type":"ImageObject","inLanguage":"fr-FR","@id":"https:\/\/secure.gravatar.com\/avatar\/da63a71c7b3c891d13f316f979f70f394c40b51eff8683f7ed50dcaf88d1bfc2?s=96&r=g","url":"https:\/\/secure.gravatar.com\/avatar\/da63a71c7b3c891d13f316f979f70f394c40b51eff8683f7ed50dcaf88d1bfc2?s=96&r=g","contentUrl":"https:\/\/secure.gravatar.com\/avatar\/da63a71c7b3c891d13f316f979f70f394c40b51eff8683f7ed50dcaf88d1bfc2?s=96&r=g","caption":"jean-marc"}}]}},"_links":{"self":[{"href":"https:\/\/www.enduropale-passion.com\/touquet\/wp-json\/wp\/v2\/pages\/12024","targetHints":{"allow":["GET"]}}],"collection":[{"href":"https:\/\/www.enduropale-passion.com\/touquet\/wp-json\/wp\/v2\/pages"}],"about":[{"href":"https:\/\/www.enduropale-passion.com\/touquet\/wp-json\/wp\/v2\/types\/page"}],"author":[{"embeddable":true,"href":"https:\/\/www.enduropale-passion.com\/touquet\/wp-json\/wp\/v2\/users\/1"}],"replies":[{"embeddable":true,"href":"https:\/\/www.enduropale-passion.com\/touquet\/wp-json\/wp\/v2\/comments?post=12024"}],"version-history":[{"count":12,"href":"https:\/\/www.enduropale-passion.com\/touquet\/wp-json\/wp\/v2\/pages\/12024\/revisions"}],"predecessor-version":[{"id":12062,"href":"https:\/\/www.enduropale-passion.com\/touquet\/wp-json\/wp\/v2\/pages\/12024\/revisions\/12062"}],"wp:attachment":[{"href":"https:\/\/www.enduropale-passion.com\/touquet\/wp-json\/wp\/v2\/media?parent=12024"}],"curies":[{"name":"wp","href":"https:\/\/api.w.org\/{rel}","templated":true}]}}