{"id":595,"date":"2020-02-11T10:18:40","date_gmt":"2020-02-11T09:18:40","guid":{"rendered":"http:\/\/www.enduropale-passion.com\/touquet\/?page_id=595"},"modified":"2020-02-11T11:22:02","modified_gmt":"2020-02-11T10:22:02","slug":"poireau-dor-2020-vadim-gergaud-et-pepita","status":"publish","type":"page","link":"https:\/\/www.enduropale-passion.com\/touquet\/poireau-dor-2020-vadim-gergaud-et-pepita\/","title":{"rendered":"Poireau d&rsquo;or 2020 : Vadim Gergaud et P\u00e9pita"},"content":{"rendered":"<p><a href=\"http:\/\/www.enduropale-passion.com\/touquet\/wp-content\/uploads\/2020\/02\/vadim-gergaud-et-miss-pepita-scaled.jpg\"><img loading=\"lazy\" decoding=\"async\" class=\"alignleft wp-image-600 size-medium\" src=\"http:\/\/www.enduropale-passion.com\/touquet\/wp-content\/uploads\/2020\/02\/vadim-gergaud-et-miss-pepita-300x176.jpg\" alt=\"\" width=\"300\" height=\"176\" srcset=\"https:\/\/www.enduropale-passion.com\/touquet\/wp-content\/uploads\/2020\/02\/vadim-gergaud-et-miss-pepita-300x176.jpg 300w, https:\/\/www.enduropale-passion.com\/touquet\/wp-content\/uploads\/2020\/02\/vadim-gergaud-et-miss-pepita-1400x819.jpg 1400w, https:\/\/www.enduropale-passion.com\/touquet\/wp-content\/uploads\/2020\/02\/vadim-gergaud-et-miss-pepita-768x449.jpg 768w, https:\/\/www.enduropale-passion.com\/touquet\/wp-content\/uploads\/2020\/02\/vadim-gergaud-et-miss-pepita-1536x899.jpg 1536w, https:\/\/www.enduropale-passion.com\/touquet\/wp-content\/uploads\/2020\/02\/vadim-gergaud-et-miss-pepita-2048x1198.jpg 2048w, https:\/\/www.enduropale-passion.com\/touquet\/wp-content\/uploads\/2020\/02\/vadim-gergaud-et-miss-pepita-1320x772.jpg 1320w\" sizes=\"auto, (max-width: 300px) 100vw, 300px\" \/><\/a><strong>380 likes sur facebook, victoire sans appel pour notre ami Toulousain Vadim Gergaud (du <a href=\"http:\/\/www.horizons-enduro.com\/\">motoclub Horizons enduro<\/a>) surmont\u00e9 de son amie, l\u2019ind\u00e9gonflable \u00ab P\u00e9pita \u00bb.<\/strong><\/p>\n<p>Cet homme d\u2019\u00e9glise qui milite ardemment pour le mariage des pr\u00eatres aura su marquer l\u2019enduropale 2020 par ses convictions religieuses avis\u00e9es et affich\u00e9es. P\u00e8re Vadim a d\u00e9clar\u00e9 pour un journal local\u00a0: \u00ab\u00a0La vie d\u2019un cur\u00e9 n\u2019est pas simple au quotidien, nous portons sur le dos tout le repentir de la terre\u00a0\u00bb puis d\u2019ajouter\u00a0: \u00ab\u00a0Heureusement que l\u2019amour de la moto m\u2019ouvre les portes du sacrifice passionnel\u00a0\u00bb.<\/p>\n<p>Mais c\u2019est surtout sous les traits d\u2019un homme r\u00e9sign\u00e9 que notre ami Vadim a d\u00e9clar\u00e9\u00a0: \u00ab\u00a0Il vaut mieux \u00eatre seul que mal accompagn\u00e9\u00a0\u00bb.<\/p>\n<p>P\u00e8re Vadim remporte le poireau d\u2019or 2020, mais \u00e9galement ce fabuleux 45eme enduropale du Touquet en bin\u00f4me.<\/p>\n<p><strong>Seul pilote participant de cette cat\u00e9gorie, Vadim Gergaud d\u00e9clare \u00e9galement : \u00ab Je dois cette victoire \u00e0 celle qui ne me quitte plus, elle aura su m\u2019insuffler le vent de la r\u00e9ussite : P\u00e9pita \u00bb.<\/strong><\/p>\n<p>&nbsp;<\/p>\n<figure id=\"attachment_601\" aria-describedby=\"caption-attachment-601\" style=\"width: 200px\" class=\"wp-caption alignright\"><a href=\"http:\/\/www.enduropale-passion.com\/touquet\/wp-content\/uploads\/2020\/02\/pepita-se-repose-apres-l-enduropale.jpg\"><img loading=\"lazy\" decoding=\"async\" class=\"wp-image-601 size-thumbnail\" src=\"http:\/\/www.enduropale-passion.com\/touquet\/wp-content\/uploads\/2020\/02\/pepita-se-repose-apres-l-enduropale-200x150.jpg\" alt=\"\" width=\"200\" height=\"150\" \/><\/a><figcaption id=\"caption-attachment-601\" class=\"wp-caption-text\">Le repos de la guerri\u00e8re : P\u00e9pita savoure sa victoire<\/figcaption><\/figure>\n<p>Seule ombre au tableau, nous n\u2019avons pas obtenu beaucoup de commentaires \u00e9logieux de la part de P\u00e9pita (qui rappelons-le, disputait \u00e9galement son premier enduropale). Elle s\u2019est confi\u00e9e de mani\u00e8re plus mitig\u00e9e sur sa course et son pilote en nous confiant ces quelques mots : \u00ab Il me gonfle \u00bb.<\/p>\n<p>Gageons que cette petite discorde que les professionnels s&rsquo;accordent a nommer \u00ab\u00a0Syndrome de l<em>\u2019h\u00f4tel des culs tourn\u00e9s<\/em>\u00a0\u00bb ne soit que passag\u00e8re et n&rsquo;entame pas la foi ind\u00e9tr\u00f4nable en b\u00e9ton qui unit ce couple devenu mythique.<\/p>\n<p>Enfin, il est bon de terminer par la r\u00e9action officielle de Milko Potisek :<\/p>\n<p>\u00ab\u00a0J&rsquo;ai beaucoup appris de Vadim et P\u00e9pita, Ils sont pour moi un exemple \u00e0 suivre en mati\u00e8re de technicit\u00e9 et de sensibilit\u00e9 de pilotage. Il faudra compter sur la team <strong><a href=\"https:\/\/www.facebook.com\/horizonsenduro\/\"><em>Horizons enduro <\/em><\/a><\/strong>maintenant, c&rsquo;est ind\u00e9niable\u00a0\u00bb.<\/p>\n<p><strong>Toutes nos f\u00e9licitations encore \u00e0 notre couple poireau d&rsquo;or 2020 !<\/strong><\/p>\n<blockquote><p>Info utile : C&rsquo;est l&rsquo;Artiste plasticien de renom Alexis Telliez (originaire de Bailleul) qui est le cr\u00e9ateur et g\u00e9niteur de P\u00e9pita.<\/p><\/blockquote>\n<hr \/>\n<div id='gallery-1' class='gallery galleryid-595 gallery-columns-3 gallery-size-thumbnail'><figure class='gallery-item'>\n\t\t\t<div class='gallery-icon landscape'>\n\t\t\t\t<a href='https:\/\/www.enduropale-passion.com\/touquet\/poireau-dor-2020-vadim-gergaud-et-pepita\/pepita-se-repose-apres-l-enduropale-2\/'><img loading=\"lazy\" decoding=\"async\" width=\"200\" height=\"150\" src=\"https:\/\/www.enduropale-passion.com\/touquet\/wp-content\/uploads\/2020\/02\/pepita-se-repose-apres-l-enduropale-1-200x150.jpg\" class=\"attachment-thumbnail size-thumbnail\" alt=\"\" \/><\/a>\n\t\t\t<\/div><\/figure><figure class='gallery-item'>\n\t\t\t<div class='gallery-icon landscape'>\n\t\t\t\t<a href='https:\/\/www.enduropale-passion.com\/touquet\/poireau-dor-2020-vadim-gergaud-et-pepita\/une-course-emaillee-de-quelques-discordes-1\/'><img loading=\"lazy\" decoding=\"async\" width=\"200\" height=\"150\" src=\"https:\/\/www.enduropale-passion.com\/touquet\/wp-content\/uploads\/2020\/02\/une-course-emaillee-de-quelques-discordes-1-200x150.jpg\" class=\"attachment-thumbnail size-thumbnail\" alt=\"\" \/><\/a>\n\t\t\t<\/div><\/figure><figure class='gallery-item'>\n\t\t\t<div class='gallery-icon landscape'>\n\t\t\t\t<a href='https:\/\/www.enduropale-passion.com\/touquet\/poireau-dor-2020-vadim-gergaud-et-pepita\/une-course-emaillee-de-quelques-discordes-2\/'><img loading=\"lazy\" decoding=\"async\" width=\"200\" height=\"150\" src=\"https:\/\/www.enduropale-passion.com\/touquet\/wp-content\/uploads\/2020\/02\/une-course-emaillee-de-quelques-discordes-2-200x150.jpg\" class=\"attachment-thumbnail size-thumbnail\" alt=\"\" \/><\/a>\n\t\t\t<\/div><\/figure><figure class='gallery-item'>\n\t\t\t<div class='gallery-icon landscape'>\n\t\t\t\t<a href='https:\/\/www.enduropale-passion.com\/touquet\/poireau-dor-2020-vadim-gergaud-et-pepita\/vadim-et-pepita-implorants-les-dieux-de-lenduropale\/'><img loading=\"lazy\" decoding=\"async\" width=\"200\" height=\"150\" src=\"https:\/\/www.enduropale-passion.com\/touquet\/wp-content\/uploads\/2020\/02\/Vadim-et-Pepita-implorants-les-dieux-de-lenduropale-200x150.jpg\" class=\"attachment-thumbnail size-thumbnail\" alt=\"\" \/><\/a>\n\t\t\t<\/div><\/figure><figure class='gallery-item'>\n\t\t\t<div class='gallery-icon landscape'>\n\t\t\t\t<a href='https:\/\/www.enduropale-passion.com\/touquet\/poireau-dor-2020-vadim-gergaud-et-pepita\/vadim-gergaud-et-miss-pepita-2\/'><img loading=\"lazy\" decoding=\"async\" width=\"200\" height=\"150\" src=\"https:\/\/www.enduropale-passion.com\/touquet\/wp-content\/uploads\/2020\/02\/vadim-gergaud-et-miss-pepita-1-200x150.jpg\" class=\"attachment-thumbnail size-thumbnail\" alt=\"\" \/><\/a>\n\t\t\t<\/div><\/figure><figure class='gallery-item'>\n\t\t\t<div class='gallery-icon landscape'>\n\t\t\t\t<a href='https:\/\/www.enduropale-passion.com\/touquet\/poireau-dor-2020-vadim-gergaud-et-pepita\/vadim-gergaud-pepita-1\/'><img loading=\"lazy\" decoding=\"async\" width=\"200\" height=\"150\" src=\"https:\/\/www.enduropale-passion.com\/touquet\/wp-content\/uploads\/2020\/02\/vadim-gergaud-pepita-1-200x150.jpg\" class=\"attachment-thumbnail size-thumbnail\" alt=\"\" \/><\/a>\n\t\t\t<\/div><\/figure><figure class='gallery-item'>\n\t\t\t<div class='gallery-icon landscape'>\n\t\t\t\t<a href='https:\/\/www.enduropale-passion.com\/touquet\/poireau-dor-2020-vadim-gergaud-et-pepita\/vadim-gergaud-pepita-2\/'><img loading=\"lazy\" decoding=\"async\" width=\"200\" height=\"150\" src=\"https:\/\/www.enduropale-passion.com\/touquet\/wp-content\/uploads\/2020\/02\/vadim-gergaud-pepita-2-200x150.jpg\" class=\"attachment-thumbnail size-thumbnail\" alt=\"\" \/><\/a>\n\t\t\t<\/div><\/figure><figure class='gallery-item'>\n\t\t\t<div class='gallery-icon landscape'>\n\t\t\t\t<a href='https:\/\/www.enduropale-passion.com\/touquet\/poireau-dor-2020-vadim-gergaud-et-pepita\/vadim-gergaud-pepita-3\/'><img loading=\"lazy\" decoding=\"async\" width=\"200\" height=\"150\" src=\"https:\/\/www.enduropale-passion.com\/touquet\/wp-content\/uploads\/2020\/02\/vadim-gergaud-pepita-3-200x150.jpg\" class=\"attachment-thumbnail size-thumbnail\" alt=\"\" \/><\/a>\n\t\t\t<\/div><\/figure><figure class='gallery-item'>\n\t\t\t<div class='gallery-icon landscape'>\n\t\t\t\t<a href='https:\/\/www.enduropale-passion.com\/touquet\/poireau-dor-2020-vadim-gergaud-et-pepita\/vadim-gergaud-pepita-5\/'><img loading=\"lazy\" decoding=\"async\" width=\"200\" height=\"150\" src=\"https:\/\/www.enduropale-passion.com\/touquet\/wp-content\/uploads\/2020\/02\/vadim-gergaud-pepita-5-200x150.jpg\" class=\"attachment-thumbnail size-thumbnail\" alt=\"\" \/><\/a>\n\t\t\t<\/div><\/figure><figure class='gallery-item'>\n\t\t\t<div class='gallery-icon landscape'>\n\t\t\t\t<a href='https:\/\/www.enduropale-passion.com\/touquet\/poireau-dor-2020-vadim-gergaud-et-pepita\/vadim-gergaud-pepita-6\/'><img loading=\"lazy\" decoding=\"async\" width=\"200\" height=\"150\" src=\"https:\/\/www.enduropale-passion.com\/touquet\/wp-content\/uploads\/2020\/02\/vadim-gergaud-pepita-6-200x150.jpg\" class=\"attachment-thumbnail size-thumbnail\" alt=\"\" srcset=\"https:\/\/www.enduropale-passion.com\/touquet\/wp-content\/uploads\/2020\/02\/vadim-gergaud-pepita-6-200x150.jpg 200w, https:\/\/www.enduropale-passion.com\/touquet\/wp-content\/uploads\/2020\/02\/vadim-gergaud-pepita-6-1200x900-cropped.jpg 1200w\" sizes=\"auto, (max-width: 200px) 100vw, 200px\" \/><\/a>\n\t\t\t<\/div><\/figure>\n\t\t<\/div>\n\n","protected":false},"excerpt":{"rendered":"<p>380 likes sur facebook, victoire sans appel pour notre ami Toulousain Vadim Gergaud (du motoclub Horizons enduro) surmont\u00e9 de son amie, l\u2019ind\u00e9gonflable \u00ab P\u00e9pita \u00bb. Cet homme d\u2019\u00e9glise qui milite ardemment pour le mariage des pr\u00eatres aura su marquer l\u2019enduropale 2020 par ses convictions religieuses avis\u00e9es et affich\u00e9es. P\u00e8re Vadim a d\u00e9clar\u00e9 pour un journal [&hellip;]<\/p>\n","protected":false},"author":1,"featured_media":0,"parent":0,"menu_order":0,"comment_status":"closed","ping_status":"closed","template":"","meta":{"site-sidebar-layout":"default","site-content-layout":"","ast-site-content-layout":"","site-content-style":"default","site-sidebar-style":"default","ast-global-header-display":"","ast-banner-title-visibility":"","ast-main-header-display":"","ast-hfb-above-header-display":"","ast-hfb-below-header-display":"","ast-hfb-mobile-header-display":"","site-post-title":"","ast-breadcrumbs-content":"","ast-featured-img":"","footer-sml-layout":"","theme-transparent-header-meta":"","adv-header-id-meta":"","stick-header-meta":"","header-above-stick-meta":"","header-main-stick-meta":"","header-below-stick-meta":"","astra-migrate-meta-layouts":"default","ast-page-background-enabled":"default","ast-page-background-meta":{"desktop":{"background-color":"var(--ast-global-color-4)","background-image":"","background-repeat":"repeat","background-position":"center center","background-size":"auto","background-attachment":"scroll","background-type":"","background-media":"","overlay-type":"","overlay-color":"","overlay-opacity":"","overlay-gradient":""},"tablet":{"background-color":"","background-image":"","background-repeat":"repeat","background-position":"center center","background-size":"auto","background-attachment":"scroll","background-type":"","background-media":"","overlay-type":"","overlay-color":"","overlay-opacity":"","overlay-gradient":""},"mobile":{"background-color":"","background-image":"","background-repeat":"repeat","background-position":"center center","background-size":"auto","background-attachment":"scroll","background-type":"","background-media":"","overlay-type":"","overlay-color":"","overlay-opacity":"","overlay-gradient":""}},"ast-content-background-meta":{"desktop":{"background-color":"var(--ast-global-color-5)","background-image":"","background-repeat":"repeat","background-position":"center center","background-size":"auto","background-attachment":"scroll","background-type":"","background-media":"","overlay-type":"","overlay-color":"","overlay-opacity":"","overlay-gradient":""},"tablet":{"background-color":"var(--ast-global-color-5)","background-image":"","background-repeat":"repeat","background-position":"center center","background-size":"auto","background-attachment":"scroll","background-type":"","background-media":"","overlay-type":"","overlay-color":"","overlay-opacity":"","overlay-gradient":""},"mobile":{"background-color":"var(--ast-global-color-5)","background-image":"","background-repeat":"repeat","background-position":"center center","background-size":"auto","background-attachment":"scroll","background-type":"","background-media":"","overlay-type":"","overlay-color":"","overlay-opacity":"","overlay-gradient":""}},"footnotes":""},"class_list":["post-595","page","type-page","status-publish","hentry"],"yoast_head":"<!-- This site is optimized with the Yoast SEO plugin v27.5 - https:\/\/yoast.com\/product\/yoast-seo-wordpress\/ -->\n<title>Poireau d&#039;or 2020 : Vadim Gergaud et P\u00e9pita - Enduropale, Quaduro et Vintage 2026<\/title>\n<meta name=\"robots\" content=\"index, follow, max-snippet:-1, max-image-preview:large, max-video-preview:-1\" \/>\n<link rel=\"canonical\" href=\"https:\/\/www.enduropale-passion.com\/touquet\/poireau-dor-2020-vadim-gergaud-et-pepita\/\" \/>\n<script type=\"application\/ld+json\" class=\"yoast-schema-graph\">{\"@context\":\"https:\\\/\\\/schema.org\",\"@graph\":[{\"@type\":\"NewsArticle\",\"@id\":\"https:\\\/\\\/www.enduropale-passion.com\\\/touquet\\\/poireau-dor-2020-vadim-gergaud-et-pepita\\\/#article\",\"isPartOf\":{\"@id\":\"https:\\\/\\\/www.enduropale-passion.com\\\/touquet\\\/poireau-dor-2020-vadim-gergaud-et-pepita\\\/\"},\"author\":{\"name\":\"jean-marc\",\"@id\":\"https:\\\/\\\/www.enduropale-passion.com\\\/touquet\\\/#\\\/schema\\\/person\\\/d3beef060ca1ae808ca028d5f2f4d3ab\"},\"headline\":\"Poireau d&rsquo;or 2020 : Vadim Gergaud et P\u00e9pita\",\"datePublished\":\"2020-02-11T09:18:40+00:00\",\"dateModified\":\"2020-02-11T10:22:02+00:00\",\"mainEntityOfPage\":{\"@id\":\"https:\\\/\\\/www.enduropale-passion.com\\\/touquet\\\/poireau-dor-2020-vadim-gergaud-et-pepita\\\/\"},\"wordCount\":395,\"publisher\":{\"@id\":\"https:\\\/\\\/www.enduropale-passion.com\\\/touquet\\\/#organization\"},\"image\":{\"@id\":\"https:\\\/\\\/www.enduropale-passion.com\\\/touquet\\\/poireau-dor-2020-vadim-gergaud-et-pepita\\\/#primaryimage\"},\"thumbnailUrl\":\"http:\\\/\\\/www.enduropale-passion.com\\\/touquet\\\/wp-content\\\/uploads\\\/2020\\\/02\\\/vadim-gergaud-et-miss-pepita-300x176.jpg\",\"inLanguage\":\"fr-FR\"},{\"@type\":\"WebPage\",\"@id\":\"https:\\\/\\\/www.enduropale-passion.com\\\/touquet\\\/poireau-dor-2020-vadim-gergaud-et-pepita\\\/\",\"url\":\"https:\\\/\\\/www.enduropale-passion.com\\\/touquet\\\/poireau-dor-2020-vadim-gergaud-et-pepita\\\/\",\"name\":\"Poireau d'or 2020 : Vadim Gergaud et P\u00e9pita - Enduropale, Quaduro et Vintage 2026\",\"isPartOf\":{\"@id\":\"https:\\\/\\\/www.enduropale-passion.com\\\/touquet\\\/#website\"},\"primaryImageOfPage\":{\"@id\":\"https:\\\/\\\/www.enduropale-passion.com\\\/touquet\\\/poireau-dor-2020-vadim-gergaud-et-pepita\\\/#primaryimage\"},\"image\":{\"@id\":\"https:\\\/\\\/www.enduropale-passion.com\\\/touquet\\\/poireau-dor-2020-vadim-gergaud-et-pepita\\\/#primaryimage\"},\"thumbnailUrl\":\"http:\\\/\\\/www.enduropale-passion.com\\\/touquet\\\/wp-content\\\/uploads\\\/2020\\\/02\\\/vadim-gergaud-et-miss-pepita-300x176.jpg\",\"datePublished\":\"2020-02-11T09:18:40+00:00\",\"dateModified\":\"2020-02-11T10:22:02+00:00\",\"breadcrumb\":{\"@id\":\"https:\\\/\\\/www.enduropale-passion.com\\\/touquet\\\/poireau-dor-2020-vadim-gergaud-et-pepita\\\/#breadcrumb\"},\"inLanguage\":\"fr-FR\",\"potentialAction\":[{\"@type\":\"ReadAction\",\"target\":[\"https:\\\/\\\/www.enduropale-passion.com\\\/touquet\\\/poireau-dor-2020-vadim-gergaud-et-pepita\\\/\"]}]},{\"@type\":\"ImageObject\",\"inLanguage\":\"fr-FR\",\"@id\":\"https:\\\/\\\/www.enduropale-passion.com\\\/touquet\\\/poireau-dor-2020-vadim-gergaud-et-pepita\\\/#primaryimage\",\"url\":\"http:\\\/\\\/www.enduropale-passion.com\\\/touquet\\\/wp-content\\\/uploads\\\/2020\\\/02\\\/vadim-gergaud-et-miss-pepita-300x176.jpg\",\"contentUrl\":\"http:\\\/\\\/www.enduropale-passion.com\\\/touquet\\\/wp-content\\\/uploads\\\/2020\\\/02\\\/vadim-gergaud-et-miss-pepita-300x176.jpg\"},{\"@type\":\"BreadcrumbList\",\"@id\":\"https:\\\/\\\/www.enduropale-passion.com\\\/touquet\\\/poireau-dor-2020-vadim-gergaud-et-pepita\\\/#breadcrumb\",\"itemListElement\":[{\"@type\":\"ListItem\",\"position\":1,\"name\":\"Accueil\",\"item\":\"https:\\\/\\\/www.enduropale-passion.com\\\/touquet\\\/\"},{\"@type\":\"ListItem\",\"position\":2,\"name\":\"Poireau d&rsquo;or 2020 : Vadim Gergaud et P\u00e9pita\"}]},{\"@type\":\"WebSite\",\"@id\":\"https:\\\/\\\/www.enduropale-passion.com\\\/touquet\\\/#website\",\"url\":\"https:\\\/\\\/www.enduropale-passion.com\\\/touquet\\\/\",\"name\":\"Enduropale, Quaduro et Vintage 2026\",\"description\":\"Championnat du monde des sables\",\"publisher\":{\"@id\":\"https:\\\/\\\/www.enduropale-passion.com\\\/touquet\\\/#organization\"},\"potentialAction\":[{\"@type\":\"SearchAction\",\"target\":{\"@type\":\"EntryPoint\",\"urlTemplate\":\"https:\\\/\\\/www.enduropale-passion.com\\\/touquet\\\/?s={search_term_string}\"},\"query-input\":{\"@type\":\"PropertyValueSpecification\",\"valueRequired\":true,\"valueName\":\"search_term_string\"}}],\"inLanguage\":\"fr-FR\"},{\"@type\":\"Organization\",\"@id\":\"https:\\\/\\\/www.enduropale-passion.com\\\/touquet\\\/#organization\",\"name\":\"Enduropale Passion\",\"url\":\"https:\\\/\\\/www.enduropale-passion.com\\\/touquet\\\/\",\"logo\":{\"@type\":\"ImageObject\",\"inLanguage\":\"fr-FR\",\"@id\":\"https:\\\/\\\/www.enduropale-passion.com\\\/touquet\\\/#\\\/schema\\\/logo\\\/image\\\/\",\"url\":\"https:\\\/\\\/www.enduropale-passion.com\\\/touquet\\\/wp-content\\\/uploads\\\/2018\\\/01\\\/rect5318a.png\",\"contentUrl\":\"https:\\\/\\\/www.enduropale-passion.com\\\/touquet\\\/wp-content\\\/uploads\\\/2018\\\/01\\\/rect5318a.png\",\"width\":1178,\"height\":389,\"caption\":\"Enduropale Passion\"},\"image\":{\"@id\":\"https:\\\/\\\/www.enduropale-passion.com\\\/touquet\\\/#\\\/schema\\\/logo\\\/image\\\/\"}},{\"@type\":\"Person\",\"@id\":\"https:\\\/\\\/www.enduropale-passion.com\\\/touquet\\\/#\\\/schema\\\/person\\\/d3beef060ca1ae808ca028d5f2f4d3ab\",\"name\":\"jean-marc\",\"image\":{\"@type\":\"ImageObject\",\"inLanguage\":\"fr-FR\",\"@id\":\"https:\\\/\\\/secure.gravatar.com\\\/avatar\\\/da63a71c7b3c891d13f316f979f70f394c40b51eff8683f7ed50dcaf88d1bfc2?s=96&r=g\",\"url\":\"https:\\\/\\\/secure.gravatar.com\\\/avatar\\\/da63a71c7b3c891d13f316f979f70f394c40b51eff8683f7ed50dcaf88d1bfc2?s=96&r=g\",\"contentUrl\":\"https:\\\/\\\/secure.gravatar.com\\\/avatar\\\/da63a71c7b3c891d13f316f979f70f394c40b51eff8683f7ed50dcaf88d1bfc2?s=96&r=g\",\"caption\":\"jean-marc\"}}]}<\/script>\n<!-- \/ Yoast SEO plugin. -->","yoast_head_json":{"title":"Poireau d'or 2020 : Vadim Gergaud et P\u00e9pita - Enduropale, Quaduro et Vintage 2026","robots":{"index":"index","follow":"follow","max-snippet":"max-snippet:-1","max-image-preview":"max-image-preview:large","max-video-preview":"max-video-preview:-1"},"canonical":"https:\/\/www.enduropale-passion.com\/touquet\/poireau-dor-2020-vadim-gergaud-et-pepita\/","schema":{"@context":"https:\/\/schema.org","@graph":[{"@type":"NewsArticle","@id":"https:\/\/www.enduropale-passion.com\/touquet\/poireau-dor-2020-vadim-gergaud-et-pepita\/#article","isPartOf":{"@id":"https:\/\/www.enduropale-passion.com\/touquet\/poireau-dor-2020-vadim-gergaud-et-pepita\/"},"author":{"name":"jean-marc","@id":"https:\/\/www.enduropale-passion.com\/touquet\/#\/schema\/person\/d3beef060ca1ae808ca028d5f2f4d3ab"},"headline":"Poireau d&rsquo;or 2020 : Vadim Gergaud et P\u00e9pita","datePublished":"2020-02-11T09:18:40+00:00","dateModified":"2020-02-11T10:22:02+00:00","mainEntityOfPage":{"@id":"https:\/\/www.enduropale-passion.com\/touquet\/poireau-dor-2020-vadim-gergaud-et-pepita\/"},"wordCount":395,"publisher":{"@id":"https:\/\/www.enduropale-passion.com\/touquet\/#organization"},"image":{"@id":"https:\/\/www.enduropale-passion.com\/touquet\/poireau-dor-2020-vadim-gergaud-et-pepita\/#primaryimage"},"thumbnailUrl":"http:\/\/www.enduropale-passion.com\/touquet\/wp-content\/uploads\/2020\/02\/vadim-gergaud-et-miss-pepita-300x176.jpg","inLanguage":"fr-FR"},{"@type":"WebPage","@id":"https:\/\/www.enduropale-passion.com\/touquet\/poireau-dor-2020-vadim-gergaud-et-pepita\/","url":"https:\/\/www.enduropale-passion.com\/touquet\/poireau-dor-2020-vadim-gergaud-et-pepita\/","name":"Poireau d'or 2020 : Vadim Gergaud et P\u00e9pita - Enduropale, Quaduro et Vintage 2026","isPartOf":{"@id":"https:\/\/www.enduropale-passion.com\/touquet\/#website"},"primaryImageOfPage":{"@id":"https:\/\/www.enduropale-passion.com\/touquet\/poireau-dor-2020-vadim-gergaud-et-pepita\/#primaryimage"},"image":{"@id":"https:\/\/www.enduropale-passion.com\/touquet\/poireau-dor-2020-vadim-gergaud-et-pepita\/#primaryimage"},"thumbnailUrl":"http:\/\/www.enduropale-passion.com\/touquet\/wp-content\/uploads\/2020\/02\/vadim-gergaud-et-miss-pepita-300x176.jpg","datePublished":"2020-02-11T09:18:40+00:00","dateModified":"2020-02-11T10:22:02+00:00","breadcrumb":{"@id":"https:\/\/www.enduropale-passion.com\/touquet\/poireau-dor-2020-vadim-gergaud-et-pepita\/#breadcrumb"},"inLanguage":"fr-FR","potentialAction":[{"@type":"ReadAction","target":["https:\/\/www.enduropale-passion.com\/touquet\/poireau-dor-2020-vadim-gergaud-et-pepita\/"]}]},{"@type":"ImageObject","inLanguage":"fr-FR","@id":"https:\/\/www.enduropale-passion.com\/touquet\/poireau-dor-2020-vadim-gergaud-et-pepita\/#primaryimage","url":"http:\/\/www.enduropale-passion.com\/touquet\/wp-content\/uploads\/2020\/02\/vadim-gergaud-et-miss-pepita-300x176.jpg","contentUrl":"http:\/\/www.enduropale-passion.com\/touquet\/wp-content\/uploads\/2020\/02\/vadim-gergaud-et-miss-pepita-300x176.jpg"},{"@type":"BreadcrumbList","@id":"https:\/\/www.enduropale-passion.com\/touquet\/poireau-dor-2020-vadim-gergaud-et-pepita\/#breadcrumb","itemListElement":[{"@type":"ListItem","position":1,"name":"Accueil","item":"https:\/\/www.enduropale-passion.com\/touquet\/"},{"@type":"ListItem","position":2,"name":"Poireau d&rsquo;or 2020 : Vadim Gergaud et P\u00e9pita"}]},{"@type":"WebSite","@id":"https:\/\/www.enduropale-passion.com\/touquet\/#website","url":"https:\/\/www.enduropale-passion.com\/touquet\/","name":"Enduropale, Quaduro et Vintage 2026","description":"Championnat du monde des sables","publisher":{"@id":"https:\/\/www.enduropale-passion.com\/touquet\/#organization"},"potentialAction":[{"@type":"SearchAction","target":{"@type":"EntryPoint","urlTemplate":"https:\/\/www.enduropale-passion.com\/touquet\/?s={search_term_string}"},"query-input":{"@type":"PropertyValueSpecification","valueRequired":true,"valueName":"search_term_string"}}],"inLanguage":"fr-FR"},{"@type":"Organization","@id":"https:\/\/www.enduropale-passion.com\/touquet\/#organization","name":"Enduropale Passion","url":"https:\/\/www.enduropale-passion.com\/touquet\/","logo":{"@type":"ImageObject","inLanguage":"fr-FR","@id":"https:\/\/www.enduropale-passion.com\/touquet\/#\/schema\/logo\/image\/","url":"https:\/\/www.enduropale-passion.com\/touquet\/wp-content\/uploads\/2018\/01\/rect5318a.png","contentUrl":"https:\/\/www.enduropale-passion.com\/touquet\/wp-content\/uploads\/2018\/01\/rect5318a.png","width":1178,"height":389,"caption":"Enduropale Passion"},"image":{"@id":"https:\/\/www.enduropale-passion.com\/touquet\/#\/schema\/logo\/image\/"}},{"@type":"Person","@id":"https:\/\/www.enduropale-passion.com\/touquet\/#\/schema\/person\/d3beef060ca1ae808ca028d5f2f4d3ab","name":"jean-marc","image":{"@type":"ImageObject","inLanguage":"fr-FR","@id":"https:\/\/secure.gravatar.com\/avatar\/da63a71c7b3c891d13f316f979f70f394c40b51eff8683f7ed50dcaf88d1bfc2?s=96&r=g","url":"https:\/\/secure.gravatar.com\/avatar\/da63a71c7b3c891d13f316f979f70f394c40b51eff8683f7ed50dcaf88d1bfc2?s=96&r=g","contentUrl":"https:\/\/secure.gravatar.com\/avatar\/da63a71c7b3c891d13f316f979f70f394c40b51eff8683f7ed50dcaf88d1bfc2?s=96&r=g","caption":"jean-marc"}}]}},"_links":{"self":[{"href":"https:\/\/www.enduropale-passion.com\/touquet\/wp-json\/wp\/v2\/pages\/595","targetHints":{"allow":["GET"]}}],"collection":[{"href":"https:\/\/www.enduropale-passion.com\/touquet\/wp-json\/wp\/v2\/pages"}],"about":[{"href":"https:\/\/www.enduropale-passion.com\/touquet\/wp-json\/wp\/v2\/types\/page"}],"author":[{"embeddable":true,"href":"https:\/\/www.enduropale-passion.com\/touquet\/wp-json\/wp\/v2\/users\/1"}],"replies":[{"embeddable":true,"href":"https:\/\/www.enduropale-passion.com\/touquet\/wp-json\/wp\/v2\/comments?post=595"}],"version-history":[{"count":0,"href":"https:\/\/www.enduropale-passion.com\/touquet\/wp-json\/wp\/v2\/pages\/595\/revisions"}],"wp:attachment":[{"href":"https:\/\/www.enduropale-passion.com\/touquet\/wp-json\/wp\/v2\/media?parent=595"}],"curies":[{"name":"wp","href":"https:\/\/api.w.org\/{rel}","templated":true}]}}